{"version":"1.0","provider_name":"Cultura e Patrim\u00f3nio","provider_url":"https:\/\/www.cm-evora.pt\/culturaepatrimonio","title":"[:pt]FIM\u00c9 \u2013 Festival Internacional de M\u00fasica de \u00c9vora[:] - Cultura e Patrim\u00f3nio","type":"rich","width":600,"height":338,"html":"<blockquote class=\"wp-embedded-content\" data-secret=\"7MQg2RxNhH\"><a href=\"https:\/\/www.cm-evora.pt\/culturaepatrimonio\/cultura-e-patrimonio\/accao-cultural\/fime\/\">FIM\u00c9 \u2013 Festival Internacional de M\u00fasica de \u00c9vora<\/a><\/blockquote><iframe sandbox=\"allow-scripts\" security=\"restricted\" src=\"https:\/\/www.cm-evora.pt\/culturaepatrimonio\/cultura-e-patrimonio\/accao-cultural\/fime\/embed\/#?secret=7MQg2RxNhH\" width=\"600\" height=\"338\" title=\"&#8220;FIM\u00c9 \u2013 Festival Internacional de M\u00fasica de \u00c9vora&#8221; &#8212; Cultura e Patrim\u00f3nio\" data-secret=\"7MQg2RxNhH\" frameborder=\"0\" marginwidth=\"0\" marginheight=\"0\" scrolling=\"no\" class=\"wp-embedded-content\"><\/iframe><script type=\"text\/javascript\">\n\/* <![CDATA[ *\/\n\/*! This file is auto-generated *\/\n!function(d,l){\"use strict\";l.querySelector&&d.addEventListener&&\"undefined\"!=typeof URL&&(d.wp=d.wp||{},d.wp.receiveEmbedMessage||(d.wp.receiveEmbedMessage=function(e){var t=e.data;if((t||t.secret||t.message||t.value)&&!\/[^a-zA-Z0-9]\/.test(t.secret)){for(var s,r,n,a=l.querySelectorAll('iframe[data-secret=\"'+t.secret+'\"]'),o=l.querySelectorAll('blockquote[data-secret=\"'+t.secret+'\"]'),c=new RegExp(\"^https?:$\",\"i\"),i=0;i<o.length;i++)o[i].style.display=\"none\";for(i=0;i<a.length;i++)s=a[i],e.source===s.contentWindow&&(s.removeAttribute(\"style\"),\"height\"===t.message?(1e3<(r=parseInt(t.value,10))?r=1e3:~~r<200&&(r=200),s.height=r):\"link\"===t.message&&(r=new URL(s.getAttribute(\"src\")),n=new URL(t.value),c.test(n.protocol))&&n.host===r.host&&l.activeElement===s&&(d.top.location.href=t.value))}},d.addEventListener(\"message\",d.wp.receiveEmbedMessage,!1),l.addEventListener(\"DOMContentLoaded\",function(){for(var e,t,s=l.querySelectorAll(\"iframe.wp-embedded-content\"),r=0;r<s.length;r++)(t=(e=s[r]).getAttribute(\"data-secret\"))||(t=Math.random().toString(36).substring(2,12),e.src+=\"#?secret=\"+t,e.setAttribute(\"data-secret\",t)),e.contentWindow.postMessage({message:\"ready\",secret:t},\"*\")},!1)))}(window,document);\n\/* ]]> *\/\n<\/script>\n","description":"&nbsp; &#8211; 2018 &#8211; 21 a 25 agosto 2019 O FIM\u00c9 \u00e9 um festival de m\u00fasica dedicado \u00e0 m\u00fasica cl\u00e1ssica. O repert\u00f3rio do Renascimento ao Barroco \u00e9 muito vasto e em constante re-descoberta, para al\u00e9m da divulga\u00e7\u00e3o de algumas das mais conhecidas obras destes per\u00edodos uma das inten\u00e7\u00f5es e prioridades do Festival \u00e9 dar a [&hellip;]","thumbnail_url":"https:\/\/www.cm-evora.pt\/culturaepatrimonio\/wp-content\/uploads\/sites\/8\/2023\/10\/FIME_2019.jpg"}