{"version":"1.0","provider_name":"Portal Institucional","provider_url":"https:\/\/www.cm-evora.pt\/en","title":"(Portugu\u00eas) 12\u00ba Festival \"\u00c9 Por Elas\" | Deborah Paris - Portal Institucional","type":"rich","width":600,"height":338,"html":"<blockquote class=\"wp-embedded-content\" data-secret=\"FyB9PK9Cew\"><a href=\"https:\/\/www.cm-evora.pt\/en\/eventos\/12o-festival-e-por-elas-deborah-paris\/\">Archived: (Portugu\u00eas) 12\u00ba Festival &#8220;\u00c9 Por Elas&#8221; | Deborah Paris<\/a><\/blockquote><iframe sandbox=\"allow-scripts\" security=\"restricted\" src=\"https:\/\/www.cm-evora.pt\/en\/eventos\/12o-festival-e-por-elas-deborah-paris\/embed\/#?secret=FyB9PK9Cew\" width=\"600\" height=\"338\" title=\"&#8220;Archived: (Portugu\u00eas) 12\u00ba Festival &#8220;\u00c9 Por Elas&#8221; | Deborah Paris&#8221; &#8212; Portal Institucional\" data-secret=\"FyB9PK9Cew\" frameborder=\"0\" marginwidth=\"0\" marginheight=\"0\" scrolling=\"no\" class=\"wp-embedded-content\"><\/iframe><script type=\"text\/javascript\">\n\/* <![CDATA[ *\/\n\/*! This file is auto-generated *\/\n!function(d,l){\"use strict\";l.querySelector&&d.addEventListener&&\"undefined\"!=typeof URL&&(d.wp=d.wp||{},d.wp.receiveEmbedMessage||(d.wp.receiveEmbedMessage=function(e){var t=e.data;if((t||t.secret||t.message||t.value)&&!\/[^a-zA-Z0-9]\/.test(t.secret)){for(var s,r,n,a=l.querySelectorAll('iframe[data-secret=\"'+t.secret+'\"]'),o=l.querySelectorAll('blockquote[data-secret=\"'+t.secret+'\"]'),c=new RegExp(\"^https?:$\",\"i\"),i=0;i<o.length;i++)o[i].style.display=\"none\";for(i=0;i<a.length;i++)s=a[i],e.source===s.contentWindow&&(s.removeAttribute(\"style\"),\"height\"===t.message?(1e3<(r=parseInt(t.value,10))?r=1e3:~~r<200&&(r=200),s.height=r):\"link\"===t.message&&(r=new URL(s.getAttribute(\"src\")),n=new URL(t.value),c.test(n.protocol))&&n.host===r.host&&l.activeElement===s&&(d.top.location.href=t.value))}},d.addEventListener(\"message\",d.wp.receiveEmbedMessage,!1),l.addEventListener(\"DOMContentLoaded\",function(){for(var e,t,s=l.querySelectorAll(\"iframe.wp-embedded-content\"),r=0;r<s.length;r++)(t=(e=s[r]).getAttribute(\"data-secret\"))||(t=Math.random().toString(36).substring(2,12),e.src+=\"#?secret=\"+t,e.setAttribute(\"data-secret\",t)),e.contentWindow.postMessage({message:\"ready\",secret:t},\"*\")},!1)))}(window,document);\n\/* ]]> *\/\n<\/script>\n","thumbnail_url":"https:\/\/www.cm-evora.pt\/wp-content\/uploads\/2026\/03\/Marca\u2022-oo-01-724x1024.png","thumbnail_width":724,"thumbnail_height":1024,"description":"Sorry, this entry is only available in Portugu\u00eas. No ber\u00e7o da m\u00fasica, nasce D\u00e9bora Paris, natural de S\u00e3o Vicente, Cabo Verde. Desde cedo encontrou na m\u00fasica a sua forma de express\u00e3o, construindo um percurso marcado pela emo\u00e7\u00e3o, presen\u00e7a de palco e forte liga\u00e7\u00e3o ao p\u00fablico. A sua voz passeia pela tradi\u00e7\u00e3o e pela modernidade, revelando [&hellip;]"}