{"version":"1.0","provider_name":"Portal Institucional","provider_url":"https:\/\/www.cm-evora.pt\/en","title":"(Portugu\u00eas) SONS NO SAL\u00c3O: Ao Longo do Dan\u00fabio - Portal Institucional","type":"rich","width":600,"height":338,"html":"<blockquote class=\"wp-embedded-content\" data-secret=\"uh9WsW52oO\"><a href=\"https:\/\/www.cm-evora.pt\/en\/eventos\/sons-no-salao-ao-longo-do-danubio\/\">Archived: (Portugu\u00eas) SONS NO SAL\u00c3O: Ao Longo do Dan\u00fabio<\/a><\/blockquote><iframe sandbox=\"allow-scripts\" security=\"restricted\" src=\"https:\/\/www.cm-evora.pt\/en\/eventos\/sons-no-salao-ao-longo-do-danubio\/embed\/#?secret=uh9WsW52oO\" width=\"600\" height=\"338\" title=\"&#8220;Archived: (Portugu\u00eas) SONS NO SAL\u00c3O: Ao Longo do Dan\u00fabio&#8221; &#8212; Portal Institucional\" data-secret=\"uh9WsW52oO\" frameborder=\"0\" marginwidth=\"0\" marginheight=\"0\" scrolling=\"no\" class=\"wp-embedded-content\"><\/iframe><script type=\"text\/javascript\">\n\/* <![CDATA[ *\/\n\/*! This file is auto-generated *\/\n!function(d,l){\"use strict\";l.querySelector&&d.addEventListener&&\"undefined\"!=typeof URL&&(d.wp=d.wp||{},d.wp.receiveEmbedMessage||(d.wp.receiveEmbedMessage=function(e){var t=e.data;if((t||t.secret||t.message||t.value)&&!\/[^a-zA-Z0-9]\/.test(t.secret)){for(var s,r,n,a=l.querySelectorAll('iframe[data-secret=\"'+t.secret+'\"]'),o=l.querySelectorAll('blockquote[data-secret=\"'+t.secret+'\"]'),c=new RegExp(\"^https?:$\",\"i\"),i=0;i<o.length;i++)o[i].style.display=\"none\";for(i=0;i<a.length;i++)s=a[i],e.source===s.contentWindow&&(s.removeAttribute(\"style\"),\"height\"===t.message?(1e3<(r=parseInt(t.value,10))?r=1e3:~~r<200&&(r=200),s.height=r):\"link\"===t.message&&(r=new URL(s.getAttribute(\"src\")),n=new URL(t.value),c.test(n.protocol))&&n.host===r.host&&l.activeElement===s&&(d.top.location.href=t.value))}},d.addEventListener(\"message\",d.wp.receiveEmbedMessage,!1),l.addEventListener(\"DOMContentLoaded\",function(){for(var e,t,s=l.querySelectorAll(\"iframe.wp-embedded-content\"),r=0;r<s.length;r++)(t=(e=s[r]).getAttribute(\"data-secret\"))||(t=Math.random().toString(36).substring(2,12),e.src+=\"#?secret=\"+t,e.setAttribute(\"data-secret\",t)),e.contentWindow.postMessage({message:\"ready\",secret:t},\"*\")},!1)))}(window,document);\n\/* ]]> *\/\n<\/script>\n","thumbnail_url":"https:\/\/www.cm-evora.pt\/wp-content\/uploads\/2025\/11\/m1.jpg","thumbnail_width":1921,"thumbnail_height":650,"description":"Sorry, this entry is only available in Portugu\u00eas. Ensemble Syndesi Em \u201cAo Longo do Dan\u00fabio\u201d, tra\u00e7amos um retrato das diferentes express\u00f5es musicais dos pa\u00edses banhados pelo maior rio da Europa Central. Escutamos, do compositor h\u00fangaro Zolt\u00e1n Kod\u00e1ly, as Dan\u00e7as Romenas e o Quarteto de Cordas no. 3, nas quais os temas e ritmos da Hungria [&hellip;]"}