{"version":"1.0","provider_name":"Portal Institucional","provider_url":"https:\/\/www.cm-evora.pt\/en","title":"Arquivo Fotogr\u00e1fico Municipal - Portal Institucional","type":"rich","width":600,"height":338,"html":"<blockquote class=\"wp-embedded-content\" data-secret=\"FguvBOHlrJ\"><a href=\"https:\/\/www.cm-evora.pt\/en\/locais\/arquivo-fotografico-municipal\/\">Arquivo Fotogr\u00e1fico Municipal<\/a><\/blockquote><iframe sandbox=\"allow-scripts\" security=\"restricted\" src=\"https:\/\/www.cm-evora.pt\/en\/locais\/arquivo-fotografico-municipal\/embed\/#?secret=FguvBOHlrJ\" width=\"600\" height=\"338\" title=\"&#8220;Arquivo Fotogr\u00e1fico Municipal&#8221; &#8212; Portal Institucional\" data-secret=\"FguvBOHlrJ\" frameborder=\"0\" marginwidth=\"0\" marginheight=\"0\" scrolling=\"no\" class=\"wp-embedded-content\"><\/iframe><script type=\"text\/javascript\">\n\/* <![CDATA[ *\/\n\/*! This file is auto-generated *\/\n!function(d,l){\"use strict\";l.querySelector&&d.addEventListener&&\"undefined\"!=typeof URL&&(d.wp=d.wp||{},d.wp.receiveEmbedMessage||(d.wp.receiveEmbedMessage=function(e){var t=e.data;if((t||t.secret||t.message||t.value)&&!\/[^a-zA-Z0-9]\/.test(t.secret)){for(var s,r,n,a=l.querySelectorAll('iframe[data-secret=\"'+t.secret+'\"]'),o=l.querySelectorAll('blockquote[data-secret=\"'+t.secret+'\"]'),c=new RegExp(\"^https?:$\",\"i\"),i=0;i<o.length;i++)o[i].style.display=\"none\";for(i=0;i<a.length;i++)s=a[i],e.source===s.contentWindow&&(s.removeAttribute(\"style\"),\"height\"===t.message?(1e3<(r=parseInt(t.value,10))?r=1e3:~~r<200&&(r=200),s.height=r):\"link\"===t.message&&(r=new URL(s.getAttribute(\"src\")),n=new URL(t.value),c.test(n.protocol))&&n.host===r.host&&l.activeElement===s&&(d.top.location.href=t.value))}},d.addEventListener(\"message\",d.wp.receiveEmbedMessage,!1),l.addEventListener(\"DOMContentLoaded\",function(){for(var e,t,s=l.querySelectorAll(\"iframe.wp-embedded-content\"),r=0;r<s.length;r++)(t=(e=s[r]).getAttribute(\"data-secret\"))||(t=Math.random().toString(36).substring(2,12),e.src+=\"#?secret=\"+t,e.setAttribute(\"data-secret\",t)),e.contentWindow.postMessage({message:\"ready\",secret:t},\"*\")},!1)))}(window,document);\n\/* ]]> *\/\n<\/script>\n","thumbnail_url":"https:\/\/www.cm-evora.pt\/wp-content\/uploads\/2020\/06\/ArquivoFotoMunicipal1080a.jpg","thumbnail_width":1080,"thumbnail_height":608,"description":"Sorry, this entry is only available in Portugu\u00eas. &nbsp; A C\u00e2mara Municipal de \u00c9vora possui um importante acervo fotogr\u00e1fico, constitu\u00eddo ao longo dos \u00faltimos 25 anos, que representa, j\u00e1 hoje, um testemunho importante da hist\u00f3ria local, para al\u00e9m de um conjunto de esp\u00f3lios de fot\u00f3grafos eborenses adquiridos ao longo dos \u00faltimos 6 anos (Jos\u00e9 P. [&hellip;]"}