{"version":"1.0","provider_name":"Portal Institucional","provider_url":"https:\/\/www.cm-evora.pt\/en","title":"(Portugu\u00eas) POCITYF \u2013 Visita t\u00e9cnica a Valverde - Portal Institucional","type":"rich","width":600,"height":338,"html":"<blockquote class=\"wp-embedded-content\" data-secret=\"IDMk1GtPv3\"><a href=\"https:\/\/www.cm-evora.pt\/en\/pocityf-visita-tecnica-a-valverde\/\">(Portugu\u00eas) POCITYF \u2013 Visita t\u00e9cnica a Valverde<\/a><\/blockquote><iframe sandbox=\"allow-scripts\" security=\"restricted\" src=\"https:\/\/www.cm-evora.pt\/en\/pocityf-visita-tecnica-a-valverde\/embed\/#?secret=IDMk1GtPv3\" width=\"600\" height=\"338\" title=\"&#8220;(Portugu\u00eas) POCITYF \u2013 Visita t\u00e9cnica a Valverde&#8221; &#8212; Portal Institucional\" data-secret=\"IDMk1GtPv3\" frameborder=\"0\" marginwidth=\"0\" marginheight=\"0\" scrolling=\"no\" class=\"wp-embedded-content\"><\/iframe><script type=\"text\/javascript\">\n\/* <![CDATA[ *\/\n\/*! This file is auto-generated *\/\n!function(d,l){\"use strict\";l.querySelector&&d.addEventListener&&\"undefined\"!=typeof URL&&(d.wp=d.wp||{},d.wp.receiveEmbedMessage||(d.wp.receiveEmbedMessage=function(e){var t=e.data;if((t||t.secret||t.message||t.value)&&!\/[^a-zA-Z0-9]\/.test(t.secret)){for(var s,r,n,a=l.querySelectorAll('iframe[data-secret=\"'+t.secret+'\"]'),o=l.querySelectorAll('blockquote[data-secret=\"'+t.secret+'\"]'),c=new RegExp(\"^https?:$\",\"i\"),i=0;i<o.length;i++)o[i].style.display=\"none\";for(i=0;i<a.length;i++)s=a[i],e.source===s.contentWindow&&(s.removeAttribute(\"style\"),\"height\"===t.message?(1e3<(r=parseInt(t.value,10))?r=1e3:~~r<200&&(r=200),s.height=r):\"link\"===t.message&&(r=new URL(s.getAttribute(\"src\")),n=new URL(t.value),c.test(n.protocol))&&n.host===r.host&&l.activeElement===s&&(d.top.location.href=t.value))}},d.addEventListener(\"message\",d.wp.receiveEmbedMessage,!1),l.addEventListener(\"DOMContentLoaded\",function(){for(var e,t,s=l.querySelectorAll(\"iframe.wp-embedded-content\"),r=0;r<s.length;r++)(t=(e=s[r]).getAttribute(\"data-secret\"))||(t=Math.random().toString(36).substring(2,12),e.src+=\"#?secret=\"+t,e.setAttribute(\"data-secret\",t)),e.contentWindow.postMessage({message:\"ready\",secret:t},\"*\")},!1)))}(window,document);\n\/* ]]> *\/\n<\/script>\n","thumbnail_url":"https:\/\/www.cm-evora.pt\/wp-content\/uploads\/2022\/11\/DSC_0006-scaled.jpg","thumbnail_width":2560,"thumbnail_height":1707,"description":"Sorry, this entry is only available in Portugu\u00eas. O projeto POCITYF n\u00e3o abrange apenas a cidade de \u00c9vora.\u00a0Valverde, freguesia do concelho de \u00c9vora, que no passado j\u00e1 serviu de piloto para outros projetos Europeus, tamb\u00e9m est\u00e1 inserida neste projeto. No \u00e2mbito do projeto, foram feitas visitas t\u00e9cnicas a fam\u00edlias residentes em Valverde que participaram em [&hellip;]"}