{"id":14213,"date":"2020-07-09T14:38:23","date_gmt":"2020-07-09T13:38:23","guid":{"rendered":"https:\/\/evora2.int.skilltech.pt\/susProjects\/wp_evora2_suite\/?page_id=14213"},"modified":"2024-09-12T14:59:05","modified_gmt":"2024-09-12T13:59:05","slug":"acao-educativa-do-lado-de-ca","status":"archive","type":"page","link":"https:\/\/www.cm-evora.pt\/en\/municipe\/projetos-municipais\/pel-projeto-educativo-local\/projetos-educativos\/acao-educativa-do-lado-de-ca\/","title":{"rendered":"Archived: A\u00e7\u00e3o Educativa &#8216;Do Lado de C\u00e1&#8217;"},"content":{"rendered":"<p style=\"text-align: center\"><a href=\"https:\/\/www.cm-evora.pt\/wp-content\/uploads\/2021\/01\/DoLadoDeCa-banners-639.jpg\"><img loading=\"lazy\" decoding=\"async\" class=\"alignnone size-full wp-image-18358\" src=\"https:\/\/www.cm-evora.pt\/wp-content\/uploads\/2021\/01\/DoLadoDeCa-banners-639.jpg\" alt=\"\" width=\"639\" height=\"362\" srcset=\"https:\/\/www.cm-evora.pt\/wp-content\/uploads\/2021\/01\/DoLadoDeCa-banners-639.jpg 639w, https:\/\/www.cm-evora.pt\/wp-content\/uploads\/2021\/01\/DoLadoDeCa-banners-639-300x170.jpg 300w\" sizes=\"auto, (max-width: 639px) 100vw, 639px\" \/><\/a><\/p>\n<p><strong>\u00a0<\/strong><\/p>\n<p><strong>Promotor<\/strong><\/p>\n<p>C\u00e2mara Municipal de \u00c9vora &#8211; Divis\u00e3o de Educa\u00e7\u00e3o e Interven\u00e7\u00e3o Social, com a colabora\u00e7\u00e3o de outros servi\u00e7os internos, nomeadamente, do Servi\u00e7o Municipal de Prote\u00e7\u00e3o Civil, da Divis\u00e3o de Juventude e Desporto, da Divis\u00e3o de Cultura e Patrim\u00f3nio e outros a definir posteriormente.<\/p>\n<p><strong>\u00a0<\/strong><\/p>\n<p><strong>Respons\u00e1vel<\/strong><\/p>\n<p>Vic\u00eancia Cominho<\/p>\n<p><strong>\u00a0<\/strong><\/p>\n<p><strong>Objetivos<\/strong><\/p>\n<ul>\n<li style=\"list-style-type: none\">\n<ul>\n<li>Incentivar o conhecimento da comunidade local e da democracia.<\/li>\n<\/ul>\n<\/li>\n<\/ul>\n<ul>\n<li style=\"list-style-type: none\">\n<ul>\n<li>Mobilizar os alunos para a descoberta do espa\u00e7o onde vivem.<\/li>\n<\/ul>\n<\/li>\n<\/ul>\n<ul>\n<li style=\"list-style-type: none\">\n<ul>\n<li>Refor\u00e7ar o esp\u00edrito cr\u00edtico dos alunos.<\/li>\n<\/ul>\n<\/li>\n<\/ul>\n<p><strong>\u00a0<\/strong><\/p>\n<p><strong>P\u00fablico-alvo<\/strong><\/p>\n<p>Alunos do 1.\u00ba CEB de escolas p\u00fablicas e privadas.<\/p>\n<p><strong>\u00a0<\/strong><\/p>\n<p><strong>Calendariza\u00e7\u00e3o<\/strong><\/p>\n<p>2.\u00ba Per\u00edodo Letivo.<\/p>\n<p><strong>\u00a0<\/strong><\/p>\n<p><strong>Resumo\/Sinopse<\/strong><\/p>\n<p>A A\u00e7\u00e3o Educativa Municipal \u201cDo Lado de C\u00e1\u201d ensina o que \u00e9 o Poder Local Democr\u00e1tico e d\u00e1 a conhecer a fun\u00e7\u00e3o de uma institui\u00e7\u00e3o p\u00fablica muito importante, uma C\u00e2mara Municipal.<\/p>\n<p>A C\u00e2mara Municipal de \u00c9vora abrir\u00e1 as suas portas ao conhecimento do papel que desempenha na gest\u00e3o do concelho, \u00e0 experimenta\u00e7\u00e3o e ao contacto direto com os servi\u00e7os de que disp\u00f5e e coloca ao servi\u00e7o da popula\u00e7\u00e3o.<\/p>\n<p>A a\u00e7\u00e3o \u00e9 enquadrada no \u00e2mbito da \u00e1rea tem\u00e1tica do Estudo do Meio e est\u00e1 destinada, preferencialmente, aos alunos do 2.\u00ba ano do 1.\u00ba CEB.<\/p>\n<p><strong>\u00a0<\/strong><\/p>\n<p><strong>Servi\u00e7os a visitar<\/strong><\/p>\n<ul>\n<li style=\"list-style-type: none\">\n<ul>\n<li>Aer\u00f3dromo;<\/li>\n<\/ul>\n<\/li>\n<\/ul>\n<ul>\n<li style=\"list-style-type: none\">\n<ul>\n<li>Central Elevat\u00f3ria da \u00c1gua;<\/li>\n<\/ul>\n<\/li>\n<\/ul>\n<ul>\n<li style=\"list-style-type: none\">\n<ul>\n<li>Centro de Conv\u00edvio da C\u00e2mara;<\/li>\n<\/ul>\n<\/li>\n<\/ul>\n<ul>\n<li style=\"list-style-type: none\">\n<ul>\n<li>Ludoteca\/Museu do Brinquedo;<\/li>\n<\/ul>\n<\/li>\n<\/ul>\n<ul>\n<li style=\"list-style-type: none\">\n<ul>\n<li>Piscinas;<\/li>\n<\/ul>\n<\/li>\n<\/ul>\n<ul>\n<li style=\"list-style-type: none\">\n<ul>\n<li>Complexo Desportivo;<\/li>\n<\/ul>\n<\/li>\n<\/ul>\n<ul>\n<li style=\"list-style-type: none\">\n<ul>\n<li>Canil\/Gatil.<\/li>\n<\/ul>\n<\/li>\n<\/ul>\n<p><strong>\u00a0<\/strong><\/p>\n<p><strong>Lota\u00e7\u00e3o<\/strong><\/p>\n<p>1 turma por a\u00e7\u00e3o\/sess\u00e3o.<\/p>\n<p><strong>\u00a0<\/strong><\/p>\n<p><strong>Observa\u00e7\u00f5es<\/strong><\/p>\n<p>Ser\u00e3o selecionadas as primeiras 5 turmas a inscrever-se.<\/p>\n<p><strong>\u00a0<\/strong><\/p>\n<p><strong>Local<\/strong><\/p>\n<p>Este projeto desenvolve-se em dois momentos:<\/p>\n<ul>\n<li style=\"list-style-type: none\">\n<ul>\n<li>1\u00ba \u2013 Sess\u00e3o em sala de aula;<\/li>\n<\/ul>\n<\/li>\n<\/ul>\n<ul>\n<li style=\"list-style-type: none\">\n<ul>\n<li>2\u00ba \u2013 Visita guiada a um servi\u00e7o municipal.<\/li>\n<\/ul>\n<\/li>\n<\/ul>\n<p><strong>\u00a0<\/strong><\/p>\n<p><strong>Contactos<\/strong><\/p>\n<p><u>Telefone<\/u>: <a href=\"tel:+351266777000\" target=\"_blank\" rel=\"noopener\">+351 266 777 000<\/a> \u00abChamada para a rede fixa nacional\u00bb<\/p>\n<p><u>Email<\/u>: <a href=\"mailto:vicencia.cominho@cm-evora.pt\" target=\"_blank\" rel=\"noopener\">vicencia.cominho@cm-evora.pt<\/a><\/p>\n<p>&nbsp;<\/p>\n<p><strong>Vers\u00e3o Digital da A\u00e7\u00e3o<\/strong><\/p>\n<p><a href=\"http:\/\/www2.cm-evora.pt\/evoracidadeeducadora\/DoLadodeCa\" target=\"_blank\" rel=\"noopener\">http:\/\/www2.cm-evora.pt\/evoracidadeeducadora\/DoLadodeCa<\/a><\/p>\n<p>&nbsp;<\/p>\n","protected":false},"excerpt":{"rendered":"<p>\u00a0 Promotor C\u00e2mara Municipal de \u00c9vora &#8211; Divis\u00e3o de Educa\u00e7\u00e3o e Interven\u00e7\u00e3o Social, com a colabora\u00e7\u00e3o de outros servi\u00e7os internos, nomeadamente, do Servi\u00e7o Municipal de Prote\u00e7\u00e3o Civil, da Divis\u00e3o de Juventude e Desporto, da Divis\u00e3o de Cultura e Patrim\u00f3nio e outros a definir posteriormente. \u00a0 Respons\u00e1vel Vic\u00eancia Cominho \u00a0 Objetivos Incentivar o conhecimento da comunidade [&hellip;]<\/p>\n","protected":false},"author":1,"featured_media":0,"parent":14190,"menu_order":1,"comment_status":"closed","ping_status":"closed","template":"templates-map\/component-text-layout1.php","meta":{"_acf_changed":false,"footnotes":""},"categories":[],"class_list":["post-14213","page","type-page","status-archive","hentry"],"acf":{"imagens":"","titulo_docs_seccao":"","documentos":""},"_links":{"self":[{"href":"https:\/\/www.cm-evora.pt\/en\/wp-json\/wp\/v2\/pages\/14213","targetHints":{"allow":["GET"]}}],"collection":[{"href":"https:\/\/www.cm-evora.pt\/en\/wp-json\/wp\/v2\/pages"}],"about":[{"href":"https:\/\/www.cm-evora.pt\/en\/wp-json\/wp\/v2\/types\/page"}],"author":[{"embeddable":true,"href":"https:\/\/www.cm-evora.pt\/en\/wp-json\/wp\/v2\/users\/1"}],"replies":[{"embeddable":true,"href":"https:\/\/www.cm-evora.pt\/en\/wp-json\/wp\/v2\/comments?post=14213"}],"version-history":[{"count":6,"href":"https:\/\/www.cm-evora.pt\/en\/wp-json\/wp\/v2\/pages\/14213\/revisions"}],"predecessor-version":[{"id":45925,"href":"https:\/\/www.cm-evora.pt\/en\/wp-json\/wp\/v2\/pages\/14213\/revisions\/45925"}],"up":[{"embeddable":true,"href":"https:\/\/www.cm-evora.pt\/en\/wp-json\/wp\/v2\/pages\/14190"}],"wp:attachment":[{"href":"https:\/\/www.cm-evora.pt\/en\/wp-json\/wp\/v2\/media?parent=14213"}],"wp:term":[{"taxonomy":"category","embeddable":true,"href":"https:\/\/www.cm-evora.pt\/en\/wp-json\/wp\/v2\/categories?post=14213"}],"curies":[{"name":"wp","href":"https:\/\/api.w.org\/{rel}","templated":true}]}}