{"id":14299,"date":"2020-07-09T15:21:08","date_gmt":"2020-07-09T14:21:08","guid":{"rendered":"https:\/\/evora2.int.skilltech.pt\/susProjects\/wp_evora2_suite\/?page_id=14299"},"modified":"2021-10-15T12:25:47","modified_gmt":"2021-10-15T11:25:47","slug":"desfile-de-carnaval","status":"archive","type":"page","link":"https:\/\/www.cm-evora.pt\/en\/municipe\/projetos-municipais\/pel-projeto-educativo-local\/iniciativas\/desfile-de-carnaval\/","title":{"rendered":"(Portugu\u00eas) Archived: Desfile de Carnaval"},"content":{"rendered":"<p class=\"qtranxs-available-languages-message qtranxs-available-languages-message-en\">Sorry, this entry is only available in <a href=\"https:\/\/www.cm-evora.pt\/pt\/wp-json\/wp\/v2\/pages\/14299\" class=\"qtranxs-available-language-link qtranxs-available-language-link-pt\" title=\"Portugu\u00eas\">Portugu\u00eas<\/a>.<\/p><p><a href=\"https:\/\/www.cm-evora.pt\/wp-content\/uploads\/2021\/01\/DesfileCarnaval639.jpg\"><img loading=\"lazy\" decoding=\"async\" class=\"alignnone wp-image-18442\" src=\"https:\/\/www.cm-evora.pt\/wp-content\/uploads\/2021\/01\/DesfileCarnaval639.jpg\" alt=\"\" width=\"976\" height=\"553\" srcset=\"https:\/\/www.cm-evora.pt\/wp-content\/uploads\/2021\/01\/DesfileCarnaval639.jpg 639w, https:\/\/www.cm-evora.pt\/wp-content\/uploads\/2021\/01\/DesfileCarnaval639-300x170.jpg 300w\" sizes=\"auto, (max-width: 976px) 100vw, 976px\" \/><\/a><\/p>\n<div>\n<p><strong class=\"ms-rteThemeForeColor-4-5\">Promotor<\/strong><\/p>\n<p><span class=\"ms-rteThemeForeColor-4-5\">C\u00e2mara Municipal de \u00c9vora &#8211; Divis\u00e3o de Educa\u00e7\u00e3o e Interven\u00e7\u00e3o Social.<\/span><\/p>\n<p>&nbsp;<\/p>\n<p><strong class=\"ms-rteThemeForeColor-4-5\">Respons\u00e1vel<\/strong><\/p>\n<p><span class=\"ms-rteThemeForeColor-4-5\">Vic\u00eancia Cominho \/ Elsa Oliveira.<\/span><\/p>\n<p>&nbsp;<\/p>\n<p><strong class=\"ms-rteThemeForeColor-4-5\">Entidades Parceiras<\/strong><\/p>\n<p><span class=\"ms-rteThemeForeColor-4-5\">Agrupamentos de escolas de \u00c9vora, Juntas e Uni\u00f5es de freguesia, SMPC, PSP e Bombeiros de \u00c9vora.<\/span><\/p>\n<p>&nbsp;<\/p>\n<p><strong class=\"ms-rteThemeForeColor-4-5\">Objetivos<\/strong><\/p>\n<ul>\n<li><span class=\"ms-rteThemeForeColor-4-5\">Promover a integra\u00e7\u00e3o das institui\u00e7\u00f5es na anima\u00e7\u00e3o do espa\u00e7o p\u00fablico;<\/span><\/li>\n<\/ul>\n<ul>\n<li><span class=\"ms-rteThemeForeColor-4-5\">Promover a socializa\u00e7\u00e3o e o conv\u00edvio com a comunidade;<\/span><\/li>\n<\/ul>\n<ul>\n<li><span class=\"ms-rteThemeForeColor-4-5\">Transmitir \u00e0s crian\u00e7as o l\u00fadico carnavalesco;<\/span><\/li>\n<\/ul>\n<ul>\n<li><span class=\"ms-rteThemeForeColor-4-5\">Apelar \u00e0 criatividade e imagin\u00e1rio dos participantes.<\/span><\/li>\n<\/ul>\n<p>&nbsp;<\/p>\n<p><strong class=\"ms-rteThemeForeColor-4-5\">P\u00fablico-alvo<\/strong><\/p>\n<p><span class=\"ms-rteThemeForeColor-4-5\">Estabelecimentos de educa\u00e7\u00e3o e ensino (creches, pr\u00e9-escolar e 1.\u00ba CEB), institui\u00e7\u00f5es de apoio \u00e0 terceira idade e institui\u00e7\u00f5es de apoio \u00e0 defici\u00eancia.<\/span><\/p>\n<p>&nbsp;<\/p>\n<p><strong class=\"ms-rteThemeForeColor-4-5\">Calendariza\u00e7\u00e3o<\/strong><\/p>\n<p><span class=\"ms-rteThemeForeColor-4-5\">Data a definir anualmente.<\/span><\/p>\n<p>&nbsp;<\/p>\n<p><strong class=\"ms-rteThemeForeColor-4-5\">Lota\u00e7\u00e3o<\/strong><\/p>\n<p><span class=\"ms-rteThemeForeColor-4-5\">N\u00e3o aplic\u00e1vel \u2013 por raz\u00f5es organizacionais s\u00e3o necess\u00e1rias inscri\u00e7\u00f5es pr\u00e9vias.<\/span><\/p>\n<p>&nbsp;<\/p>\n<p><strong class=\"ms-rteThemeForeColor-4-5\">Local<\/strong><\/p>\n<p><span class=\"ms-rteThemeForeColor-4-5\">Centro hist\u00f3rico de \u00c9vora.<\/span><\/p>\n<p>&nbsp;<\/p>\n<p><strong class=\"ms-rteThemeForeColor-4-5\">Resumo\/Sinopse<\/strong><\/p>\n<p><span class=\"ms-rteThemeForeColor-4-5\">O desfile de Carnaval \u00e9 um momento l\u00fadico e de anima\u00e7\u00e3o que decorre nas principais ruas do Centro Hist\u00f3rico de \u00c9vora. \u00c9 uma oportunidade para as institui\u00e7\u00f5es trabalharem diversas \u00e1reas e apresentarem o seu trabalho \u00e0 comunidade.<\/span><\/p>\n<p>&nbsp;<\/p>\n<p><strong class=\"ms-rteThemeForeColor-4-5\">Observa\u00e7\u00f5es<\/strong><\/p>\n<p><span class=\"ms-rteThemeForeColor-4-5\">A data do evento est\u00e1 sujeita a altera\u00e7\u00f5es no caso de condi\u00e7\u00f5es climat\u00e9ricas adversas.<\/span><\/p>\n<p>&nbsp;<\/p>\n<p><strong class=\"ms-rteThemeForeColor-4-5\">Contactos<\/strong><\/p>\n<p><span class=\"ms-rteThemeForeColor-4-5\">Telefone: +351 266 777 108<\/span><\/p>\n<p><span class=\"ms-rteThemeForeColor-4-5\"><span lang=\"EN-US\">Email<\/span>:\u00a0<a title=\"vicencia.cominho@cm-evora.pt\" href=\"mailto:vicencia.cominho@cm-evora.pt\" target=\"_blank\" rel=\"noopener noreferrer\"><span class=\"ms-rteForeColor-8\">vicencia.cominho@cm-evora.pt<\/span><\/a>\u00a0<strong>|\u00a0<\/strong><a title=\"elsa@cm-evora.pt\" href=\"mailto:elsa@cm-evora.pt\" target=\"_blank\" rel=\"noopener noreferrer\"><span class=\"ms-rteForeColor-8\">elsa@cm-evora.pt<\/span>\u200b<\/a><\/span><\/p>\n<\/div>\n<div><\/div>\n<p><\/p>","protected":false},"excerpt":{"rendered":"<p>Sorry, this entry is only available in Portugu\u00eas. Promotor C\u00e2mara Municipal de \u00c9vora &#8211; Divis\u00e3o de Educa\u00e7\u00e3o e Interven\u00e7\u00e3o Social. &nbsp; Respons\u00e1vel Vic\u00eancia Cominho \/ Elsa Oliveira. &nbsp; Entidades Parceiras Agrupamentos de escolas de \u00c9vora, Juntas e Uni\u00f5es de freguesia, SMPC, PSP e Bombeiros de \u00c9vora. &nbsp; Objetivos Promover a integra\u00e7\u00e3o das institui\u00e7\u00f5es na anima\u00e7\u00e3o [&hellip;]<\/p>\n","protected":false},"author":1,"featured_media":0,"parent":14293,"menu_order":0,"comment_status":"closed","ping_status":"closed","template":"templates-map\/component-text-layout1.php","meta":{"_acf_changed":false,"footnotes":""},"categories":[],"class_list":["post-14299","page","type-page","status-archive","hentry"],"acf":{"imagens":"","titulo_docs_seccao":"","documentos":""},"_links":{"self":[{"href":"https:\/\/www.cm-evora.pt\/en\/wp-json\/wp\/v2\/pages\/14299","targetHints":{"allow":["GET"]}}],"collection":[{"href":"https:\/\/www.cm-evora.pt\/en\/wp-json\/wp\/v2\/pages"}],"about":[{"href":"https:\/\/www.cm-evora.pt\/en\/wp-json\/wp\/v2\/types\/page"}],"author":[{"embeddable":true,"href":"https:\/\/www.cm-evora.pt\/en\/wp-json\/wp\/v2\/users\/1"}],"replies":[{"embeddable":true,"href":"https:\/\/www.cm-evora.pt\/en\/wp-json\/wp\/v2\/comments?post=14299"}],"version-history":[{"count":4,"href":"https:\/\/www.cm-evora.pt\/en\/wp-json\/wp\/v2\/pages\/14299\/revisions"}],"predecessor-version":[{"id":21197,"href":"https:\/\/www.cm-evora.pt\/en\/wp-json\/wp\/v2\/pages\/14299\/revisions\/21197"}],"up":[{"embeddable":true,"href":"https:\/\/www.cm-evora.pt\/en\/wp-json\/wp\/v2\/pages\/14293"}],"wp:attachment":[{"href":"https:\/\/www.cm-evora.pt\/en\/wp-json\/wp\/v2\/media?parent=14299"}],"wp:term":[{"taxonomy":"category","embeddable":true,"href":"https:\/\/www.cm-evora.pt\/en\/wp-json\/wp\/v2\/categories?post=14299"}],"curies":[{"name":"wp","href":"https:\/\/api.w.org\/{rel}","templated":true}]}}