{"id":65375,"date":"2024-09-09T11:20:35","date_gmt":"2024-09-09T10:20:35","guid":{"rendered":"https:\/\/www.cm-evora.pt\/?page_id=65375"},"modified":"2025-01-20T10:51:57","modified_gmt":"2025-01-20T10:51:57","slug":"ivc","status":"publish","type":"page","link":"https:\/\/www.cm-evora.pt\/en\/ivc\/","title":{"rendered":"Identifica\u00e7\u00e3o de condutor"},"content":{"rendered":"<p style=\"text-align: center\"><strong>Espa\u00e7o reservado \u00e0 identifica\u00e7\u00e3o de condutor<\/strong><br \/>\n<strong>em infra\u00e7\u00f5es de estacionamento realizadas pela fiscaliza\u00e7\u00e3o municipal<\/strong><\/p>\n<p>&nbsp;<\/p>\n<p><strong>1 &#8211; Identifica\u00e7\u00e3o volunt\u00e1ria de condutor<\/strong><br \/>\n(na sequ\u00eancia de a\u00e7\u00e3o de fiscaliza\u00e7\u00e3o \u2013 identifica\u00e7\u00e3o a realizar at\u00e9 15 dias ap\u00f3s a a\u00e7\u00e3o infratora)<\/p>\n<p>Deve preencher o formul\u00e1rio, com inser\u00e7\u00e3o dos dados do condutor do ve\u00edculo ao momento da infra\u00e7\u00e3o. Ap\u00f3s a submiss\u00e3o, ser\u00e1 o condutor notificado, por via postal, dos termos formais referentes ao auto de not\u00edcia por contraordena\u00e7\u00e3o, a\u00ed constando refer\u00eancia multibanco que permitir\u00e1 o pagamento da coima pelo m\u00ednimo (no prazo de quinze dias \u00fateis sobre a notifica\u00e7\u00e3o) e\/ou, se assim entender, apresentar defesa (no documento a enviar ser\u00e3o explicitados os termos em que pode apresentar defesa).<\/p>\n<p><strong>2 &#8211; Pessoas coletivas &#8211; na sequ\u00eancia de pedido formal de identifica\u00e7\u00e3o de condutor<\/strong><br \/>\n(na sequ\u00eancia de notifica\u00e7\u00e3o, nos termos do artigo 171.\u00ba, n.\u00ba 5 a 7, do C\u00f3digo da Estrada)<\/p>\n<p>Deve preencher o formul\u00e1rio, com a inser\u00e7\u00e3o dos dados do condutor ou, no caso de existir aluguer operacional do ve\u00edculo, aluguer de longa dura\u00e7\u00e3o ou loca\u00e7\u00e3o financeira, do locat\u00e1rio, com todos os elementos que constam no artigo 171.\u00ba, n.\u00ba 1, sob pena de o processo correr contra a pessoa coletiva, sendo levantada a rea\u00e7\u00e3o contraordenacional prevista no artigo 4.\u00ba, n.\u00ba 2 (por for\u00e7a do artigo 171.\u00ba, n.\u00ba 8), todos do C\u00f3digo da Estrada.<\/p>\n<p>&nbsp;<\/p>\n<p><iframe loading=\"lazy\" style=\"border: none\" src=\"https:\/\/ace.urbanmotion.pt\/ic?entity=CMEvora&amp;branding=false\" width=\"100%\" height=\"1450\">&nbsp;<\/p>\n<p>&nbsp;<\/p>\n<p><\/iframe><\/p>\n","protected":false},"excerpt":{"rendered":"<p>Espa\u00e7o reservado \u00e0 identifica\u00e7\u00e3o de condutor em infra\u00e7\u00f5es de estacionamento realizadas pela fiscaliza\u00e7\u00e3o municipal &nbsp; 1 &#8211; Identifica\u00e7\u00e3o volunt\u00e1ria de condutor (na sequ\u00eancia de a\u00e7\u00e3o de fiscaliza\u00e7\u00e3o \u2013 identifica\u00e7\u00e3o a realizar at\u00e9 15 dias ap\u00f3s a a\u00e7\u00e3o infratora) Deve preencher o formul\u00e1rio, com inser\u00e7\u00e3o dos dados do condutor do ve\u00edculo ao momento da infra\u00e7\u00e3o. Ap\u00f3s [&hellip;]<\/p>\n","protected":false},"author":71,"featured_media":0,"parent":0,"menu_order":0,"comment_status":"closed","ping_status":"closed","template":"templates-map\/component-text-layout1.php","meta":{"_acf_changed":false,"footnotes":""},"categories":[],"class_list":["post-65375","page","type-page","status-publish","hentry"],"acf":{"imagens":"","titulo_docs_seccao":"","documentos":""},"_links":{"self":[{"href":"https:\/\/www.cm-evora.pt\/en\/wp-json\/wp\/v2\/pages\/65375","targetHints":{"allow":["GET"]}}],"collection":[{"href":"https:\/\/www.cm-evora.pt\/en\/wp-json\/wp\/v2\/pages"}],"about":[{"href":"https:\/\/www.cm-evora.pt\/en\/wp-json\/wp\/v2\/types\/page"}],"author":[{"embeddable":true,"href":"https:\/\/www.cm-evora.pt\/en\/wp-json\/wp\/v2\/users\/71"}],"replies":[{"embeddable":true,"href":"https:\/\/www.cm-evora.pt\/en\/wp-json\/wp\/v2\/comments?post=65375"}],"version-history":[{"count":50,"href":"https:\/\/www.cm-evora.pt\/en\/wp-json\/wp\/v2\/pages\/65375\/revisions"}],"predecessor-version":[{"id":70292,"href":"https:\/\/www.cm-evora.pt\/en\/wp-json\/wp\/v2\/pages\/65375\/revisions\/70292"}],"wp:attachment":[{"href":"https:\/\/www.cm-evora.pt\/en\/wp-json\/wp\/v2\/media?parent=65375"}],"wp:term":[{"taxonomy":"category","embeddable":true,"href":"https:\/\/www.cm-evora.pt\/en\/wp-json\/wp\/v2\/categories?post=65375"}],"curies":[{"name":"wp","href":"https:\/\/api.w.org\/{rel}","templated":true}]}}