{"id":9165,"date":"2020-06-25T17:42:00","date_gmt":"2020-06-25T16:42:00","guid":{"rendered":"https:\/\/evora2.int.skilltech.pt\/susProjects\/wp_evora2_suite\/?page_id=9165"},"modified":"2023-01-11T11:49:41","modified_gmt":"2023-01-11T11:49:41","slug":"evora-carbono-zero","status":"publish","type":"page","link":"https:\/\/www.cm-evora.pt\/en\/municipe\/areas-de-acao\/ambiente\/evora-carbono-zero\/","title":{"rendered":"(Portugu\u00eas) \u00c9vora Carbono Zero"},"content":{"rendered":"<p class=\"qtranxs-available-languages-message qtranxs-available-languages-message-en\">Sorry, this entry is only available in <a href=\"https:\/\/www.cm-evora.pt\/pt\/wp-json\/wp\/v2\/pages\/9165\" class=\"qtranxs-available-language-link qtranxs-available-language-link-pt\" title=\"Portugu\u00eas\">Portugu\u00eas<\/a>.<\/p><p><\/p>\n<div style=\"text-align: center\"><a href=\"https:\/\/www.cm-evora.pt\/wp-content\/uploads\/2020\/06\/EVORACARBONOZERO.jpg\" target=\"_blank\" rel=\"noopener\"><img loading=\"lazy\" decoding=\"async\" class=\"alignnone wp-image-9527 size-full\" src=\"https:\/\/www.cm-evora.pt\/wp-content\/uploads\/2020\/06\/EVORACARBONOZERO.jpg\" alt=\"\" width=\"639\" height=\"362\" srcset=\"https:\/\/www.cm-evora.pt\/wp-content\/uploads\/2020\/06\/EVORACARBONOZERO.jpg 639w, https:\/\/www.cm-evora.pt\/wp-content\/uploads\/2020\/06\/EVORACARBONOZERO-300x170.jpg 300w\" sizes=\"auto, (max-width: 639px) 100vw, 639px\" \/><\/a><\/div>\n<div>\n<p>&nbsp;<\/p>\n<p>A Uni\u00e3o Europeia e os Estados-membros comprometeram-se com a redu\u00e7\u00e3o de 20% nas emiss\u00f5es de gases com efeito de estufa at\u00e9 2020. Consciente do grande contributo que os munic\u00edpios podem dar individualmente ao cumprimento deste objetivo, a Comiss\u00e3o Europeia criou o Pacto de Autarcas, atrav\u00e9s do qual os munic\u00edpios subscritores se comprometem a cumprir localmente o objetivo da U.E.. \u00c9vora subscreveu o pacto em 2011.<\/p>\n<p>&nbsp;<\/p>\n<p>&nbsp;<\/p>\n<p><strong>Objetivo<\/strong><\/p>\n<p>Reduzir em 20% as emiss\u00f5es de gases com efeito de estufa no concelho (per capita) at\u00e9 2020.<\/p>\n<p>&nbsp;<\/p>\n<p>&nbsp;<\/p>\n<p><strong>Compromisso com o Pacto de Autarcas<\/strong><\/p>\n<ul>\n<li style=\"list-style-type: none\">\n<ul>\n<li>Elaborar um Invent\u00e1rio de Refer\u00eancia das emiss\u00f5es (2009)<\/li>\n<li>Elaborar um Plano de A\u00e7\u00e3o de Sustentabilidade Energ\u00e9tica (2012-2020)<\/li>\n<\/ul>\n<\/li>\n<\/ul>\n<p>O Plano de A\u00e7\u00e3o de Sustentabilidade Energ\u00e9tica foi aprovado em reuni\u00e3o de c\u00e2mara, a 22 de fevereiro de 2012. Consulte-o:<\/p>\n<\/div>\n<p><\/p>","protected":false},"excerpt":{"rendered":"<p>Sorry, this entry is only available in Portugu\u00eas. &nbsp; A Uni\u00e3o Europeia e os Estados-membros comprometeram-se com a redu\u00e7\u00e3o de 20% nas emiss\u00f5es de gases com efeito de estufa at\u00e9 2020. Consciente do grande contributo que os munic\u00edpios podem dar individualmente ao cumprimento deste objetivo, a Comiss\u00e3o Europeia criou o Pacto de Autarcas, atrav\u00e9s do [&hellip;]<\/p>\n","protected":false},"author":1,"featured_media":0,"parent":1490,"menu_order":8,"comment_status":"closed","ping_status":"closed","template":"templates-map\/component-text-layout1.php","meta":{"_acf_changed":false,"footnotes":""},"categories":[],"class_list":["post-9165","page","type-page","status-publish","hentry"],"acf":{"imagens":"","titulo_docs_seccao":"","documentos":[9529]},"_links":{"self":[{"href":"https:\/\/www.cm-evora.pt\/en\/wp-json\/wp\/v2\/pages\/9165","targetHints":{"allow":["GET"]}}],"collection":[{"href":"https:\/\/www.cm-evora.pt\/en\/wp-json\/wp\/v2\/pages"}],"about":[{"href":"https:\/\/www.cm-evora.pt\/en\/wp-json\/wp\/v2\/types\/page"}],"author":[{"embeddable":true,"href":"https:\/\/www.cm-evora.pt\/en\/wp-json\/wp\/v2\/users\/1"}],"replies":[{"embeddable":true,"href":"https:\/\/www.cm-evora.pt\/en\/wp-json\/wp\/v2\/comments?post=9165"}],"version-history":[{"count":7,"href":"https:\/\/www.cm-evora.pt\/en\/wp-json\/wp\/v2\/pages\/9165\/revisions"}],"predecessor-version":[{"id":44536,"href":"https:\/\/www.cm-evora.pt\/en\/wp-json\/wp\/v2\/pages\/9165\/revisions\/44536"}],"up":[{"embeddable":true,"href":"https:\/\/www.cm-evora.pt\/en\/wp-json\/wp\/v2\/pages\/1490"}],"acf:post":[{"embeddable":true,"href":"https:\/\/www.cm-evora.pt\/en\/wp-json\/wp\/v2\/listas_ficheiros\/9529"}],"wp:attachment":[{"href":"https:\/\/www.cm-evora.pt\/en\/wp-json\/wp\/v2\/media?parent=9165"}],"wp:term":[{"taxonomy":"category","embeddable":true,"href":"https:\/\/www.cm-evora.pt\/en\/wp-json\/wp\/v2\/categories?post=9165"}],"curies":[{"name":"wp","href":"https:\/\/api.w.org\/{rel}","templated":true}]}}